{"id":2083,"date":"2024-06-24T17:01:04","date_gmt":"2024-06-24T14:01:04","guid":{"rendered":"https:\/\/ari.ase.ro\/?page_id=2083"},"modified":"2024-06-24T17:04:25","modified_gmt":"2024-06-24T14:04:25","slug":"sesiune-de-instruire-digital-transformation-and-the-impact-of-ai","status":"publish","type":"page","link":"https:\/\/ari.ase.ro\/?page_id=2083","title":{"rendered":"Sesiune de instruire: \u201cDigital Transformation and the impact of AI\u201d"},"content":{"rendered":"<p style=\"text-align: justify;\">Data: 18.10.2023<\/p>\n<p style=\"text-align: justify;\">Loca\u021bie: Academia de Studii Economice din Bucure\u0219ti<\/p>\n<p style=\"text-align: justify;\">Invitat special: <strong>Kevin Nunnally \u2013 former Vice President IBM Global <\/strong><\/p>\n<p style=\"text-align: justify;\">Institutul de Cercet\u0103ri Avansate (ARI) al Academiei de Studii Economice din Bucure\u015fti a organizat \u00een cadrul proiectului cu titlul <strong><em>\u201eCre\u0219terea performan\u021bei institu\u021bionale prin dezvoltarea infrastructurii \u0219i ecosistemului de cercetare de excelen\u021b\u0103 transdisciplinar\u0103 \u00een domeniul socio-economic\u201d, Finan\u021bat de Ministerul Cercet\u0103rii, Inov\u0103rii \u0219i Digitaliz\u0103rii Contract nr. 42PFE\/30.12.2021 <\/em><\/strong>sesiunea de instruire cu titlul <strong>\u201c Digital Transformation and the impact of AI\u201d,<\/strong> miercuri, 18 octombrie, 2023, ora 10.30, \u00een sala 0334, din ASE Bucure\u0219ti. Moderatorul sesiunii de instruire-ului a fost <strong>prof. univ. dr. Marian N\u0103stase<\/strong>.<\/p>\n<p style=\"text-align: justify;\">Sesiunea de instruire <strong>\u201cDigital Transformation and the impact of AI\u201d<\/strong> a oferit oportunitatea pentru studen\u021bi, cadre universitare \u0219i profesioni\u0219ti din industrie pentru a discuta \u0219i analiza impactul major al inteligen\u021bei artificiale (AI) asupra transform\u0103rii digitale. Evenimentul a aprofundat diferite aspecte ale AI, cum ar fi starea sa actual\u0103, tendin\u021bele viitoare, provoc\u0103rile \u0219i oportunit\u0103\u021bile pe care le prezint\u0103 organiza\u021biilor.<\/p>\n<p style=\"text-align: justify;\">Invitatul special al evenimentului a fost <em>Kevin Nunnally, fost vice pre\u0219edinte IBM Global. Kevin Nunnally are peste 30 de ani de experien\u021b\u0103 cu IBM \u00een Sales and Marketing Executive Leadership \u0219i expertiz\u0103 \u00een sisteme software, aplica\u021bii industriale, consultan\u021b\u0103 IT<\/em>.<\/p>\n<p style=\"text-align: justify;\">\u00a0Sesiunea de instruire a \u00eenceput cu o imagine de ansamblu asupra importan\u021bei inteligen\u021bei artificiale \u00een era digital\u0103 de ast\u0103zi. Progresul rapid al tehnologiilor AI \u0219i integrarea lor mediul academic, c\u00e2t \u0219i \u00een diverse industrii au redefinit peisajul transform\u0103rii digitale. Participan\u021bilor li s-a reamintit nevoia de a se adapta \u0219i valorifica AI pentru a r\u0103m\u00e2ne competitivi \u00een mediul de afaceri digital \u00een continu\u0103 evolu\u021bie.<\/p>\n<p style=\"text-align: justify;\">\u00cen cadrul evenimentului s-a examinat starea actual\u0103 a AI, inclusiv aplica\u021biile, limit\u0103rile \u0219i pove\u0219tile de succes ale acesteia. AI este deja implementat\u0103 pe scar\u0103 larg\u0103 \u00een diverse industrii, inclusiv \u00een domeniul s\u0103n\u0103t\u0103\u021bii, finan\u021be, produc\u021bie \u0219i comer\u021b electronic. \u00cen continuare, s-a explorat viitorul AI \u0219i impactul s\u0103u poten\u021bial asupra transform\u0103rii digitale. De asemenea, discu\u021bia s-a concentrat pe provoc\u0103rile \u0219i oportunit\u0103\u021bile asociate cu inteligen\u021ba artificial\u0103 \u0219i transformarea digital\u0103.<\/p>\n<p style=\"text-align: justify;\">Pe parcursul sesiunii de instruire, s-au prezentat studii de caz privind implementarea AI. Aceste exemple din lumea real\u0103 au ilustrat beneficiile practice \u0219i provoc\u0103rile cu care se confrunt\u0103 \u00eencorporarea AI \u00een strategiile de transformare digital\u0103. Sesiune de instruire a avut parte de un mare succes, implic\u00e2ndu-se activ aproximativ 70 de participan\u021bi: studen\u021bi, masteranzi, doctoranzi, cadre universitare \u0219i profesioni\u0219ti din industrie.<\/p>\n<p style=\"text-align: justify;\">\u00a0<strong>\u201cDigital Transformation and the impact of AI\u201d<\/strong> a oferit o privire de ansamblu asupra st\u0103rii actuale \u0219i a tendin\u021belor viitoare ale AI \u00een contextul transform\u0103rii digitale. Evenimentul a promovat cu succes un schimb dinamic de idei \u0219i bune practici, subliniind importan\u021ba inteligen\u021bei artificiale \u00een domeniul educa\u021biei \u0219i cercet\u0103rii \u0219tiin\u021bifice, dar \u0219i impactul s\u0103u cu privire la remodelarea strategiilor de afaceri. Recomand\u0103rile celor prezen\u021bi la aceast\u0103 manifestare \u0219tiin\u021bific\u0103 au oferit informa\u021bii valoroase pentru to\u021bi aceia care doresc s\u0103 valorifice poten\u021bialul inteligen\u021bei artificiale.<\/p>\n<p><a href=\"https:\/\/ari.ase.ro\/?attachment_id=2088\" rel=\"attachment wp-att-2088\"><img loading=\"lazy\" decoding=\"async\" class=\"alignnone wp-image-2088\" src=\"http:\/\/ari.ase.ro\/wp-content\/uploads\/2024\/06\/Picture16-300x178.jpg\" alt=\"\" width=\"391\" height=\"232\" srcset=\"https:\/\/ari.ase.ro\/wp-content\/uploads\/2024\/06\/Picture16-300x178.jpg 300w, https:\/\/ari.ase.ro\/wp-content\/uploads\/2024\/06\/Picture16-1024x607.jpg 1024w, https:\/\/ari.ase.ro\/wp-content\/uploads\/2024\/06\/Picture16-768x456.jpg 768w, https:\/\/ari.ase.ro\/wp-content\/uploads\/2024\/06\/Picture16.jpg 1401w\" sizes=\"auto, (max-width: 391px) 100vw, 391px\" \/><\/a> <a href=\"https:\/\/ari.ase.ro\/?attachment_id=2089\" rel=\"attachment wp-att-2089\"><img loading=\"lazy\" decoding=\"async\" class=\"alignnone wp-image-2089\" src=\"http:\/\/ari.ase.ro\/wp-content\/uploads\/2024\/06\/Picture15-300x180.jpg\" alt=\"\" width=\"382\" height=\"229\" srcset=\"https:\/\/ari.ase.ro\/wp-content\/uploads\/2024\/06\/Picture15-300x180.jpg 300w, https:\/\/ari.ase.ro\/wp-content\/uploads\/2024\/06\/Picture15-1024x614.jpg 1024w, https:\/\/ari.ase.ro\/wp-content\/uploads\/2024\/06\/Picture15-768x460.jpg 768w, https:\/\/ari.ase.ro\/wp-content\/uploads\/2024\/06\/Picture15.jpg 1401w\" sizes=\"auto, (max-width: 382px) 100vw, 382px\" \/><\/a><\/p>\n","protected":false},"excerpt":{"rendered":"<p>Data: 18.10.2023 Loca\u021bie: Academia de Studii Economice din Bucure\u0219ti&#8230;<\/p>\n","protected":false},"author":5,"featured_media":0,"parent":0,"menu_order":0,"comment_status":"closed","ping_status":"closed","template":"","meta":{"footnotes":""},"class_list":["post-2083","page","type-page","status-publish","hentry"],"_links":{"self":[{"href":"https:\/\/ari.ase.ro\/index.php?rest_route=\/wp\/v2\/pages\/2083","targetHints":{"allow":["GET"]}}],"collection":[{"href":"https:\/\/ari.ase.ro\/index.php?rest_route=\/wp\/v2\/pages"}],"about":[{"href":"https:\/\/ari.ase.ro\/index.php?rest_route=\/wp\/v2\/types\/page"}],"author":[{"embeddable":true,"href":"https:\/\/ari.ase.ro\/index.php?rest_route=\/wp\/v2\/users\/5"}],"replies":[{"embeddable":true,"href":"https:\/\/ari.ase.ro\/index.php?rest_route=%2Fwp%2Fv2%2Fcomments&post=2083"}],"version-history":[{"count":0,"href":"https:\/\/ari.ase.ro\/index.php?rest_route=\/wp\/v2\/pages\/2083\/revisions"}],"wp:attachment":[{"href":"https:\/\/ari.ase.ro\/index.php?rest_route=%2Fwp%2Fv2%2Fmedia&parent=2083"}],"curies":[{"name":"wp","href":"https:\/\/api.w.org\/{rel}","templated":true}]}}