{"id":1942,"date":"2024-06-24T10:26:09","date_gmt":"2024-06-24T07:26:09","guid":{"rendered":"https:\/\/ari.ase.ro\/?page_id=1942"},"modified":"2024-06-24T13:44:57","modified_gmt":"2024-06-24T10:44:57","slug":"sesiune-de-instruire-economy-and-economics-under-the-influence-of-the-new-scientific-and-technological-revolution-3","status":"publish","type":"page","link":"http:\/\/ari.ase.ro\/?page_id=1942","title":{"rendered":"Sesiune de instruire \u201eEconomy and Economics under the influence of the new scientific and technological revolution\u201d"},"content":{"rendered":"<p style=\"text-align: justify;\"><strong><u>Sesiune de instruire<\/u> <\/strong>cu titlul<strong> \u201e<\/strong><strong>Economy and Economics under the influence of the new scientific and technological revolution<\/strong><strong>\u201d, <\/strong>desf\u0103\u0219urat\u0103<strong> vineri, 16 iunie 2023, ora 12:00, sala Rotond\u0103. <\/strong>Sesiunea a fost sus\u021binut\u0103 de <strong>prof. univ. dr. Angela \u015eutan <\/strong>(Burgundy School of Business) \u015fi moderat\u0103 de <strong>conf. univ. dr. Drago\u0219 Huru (ASE Bucure\u0219ti)<\/strong> Sesiunea de instruire a avut peste 30 de participanti si s-a desfasurat \u00een sistem de prezen\u0163\u0103 hibrid<\/p>\n<p style=\"text-align: justify;\">\u00a0\u00cen data de 16 iunie 2023, \u00een cadrul celei de-a 6-a edi\u021bii a Conferin\u021bei Interna\u021bionale DE ECONOMIE \u0218I \u0218TIIN\u021aE SOCIALE &#8220;Perspective geopolitice \u0219i provoc\u0103ri tehnologice pentru cre\u0219terea durabil\u0103 \u00een secolul al XXI-lea&#8221;(ICESS 2023) a fost g\u0103zduit\u0103 sesiunea de instruire destinat\u0103 cercet\u0103torilor din domeniul <em>Economie experimental\u0103<\/em>, ca parte a preocup\u0103rilor de dezvoltare a infrastructurii de cercetare din universitate, din cadrul proiectului: <strong>\u201eCre\u0219terea performan\u021bei institu\u021bionale prin dezvoltarea infrastructurii \u0219i ecosistemului de cercetare de excelen\u021b\u0103 transdisciplinar\u0103 \u00een domeniul socio-economic\u201d (PERFECTIS), finan\u021bat de Ministerul Cercet\u0103rii, Inov\u0103rii \u0219i Digitaliz\u0103rii, contract nr 42PFE\/30.12.2021<\/strong>, director proiect prof. univ. dr. Margareta Florescu. Pentru asigurarea unui sistem de pertinen\u0163\u0103 c\u00e2t mai \u00eenalt\u0103 \u00eentre obiectivele concrete ale proiectului \u015fi rezultatele efective s-a optat ca \u015fi aceast\u0103 sesiune de informare s\u0103 fie organizat\u0103 ca o sec\u0163iune a celei mai prestigioase conferin\u0163e \u015ftiin\u0163ifice organizate \u00een universitate ceea ce asigur\u0103 un nivel \u00eenalt de compatibilizare \u00eentre inten\u0163ie\/informare \u015fi ini\u0163iativ\u0103\/construc\u0163ie de echipe \u00een cercetare.<\/p>\n<p style=\"text-align: justify;\">Lucr\u0103rile s-au desf\u0103\u0219urat \u00een regim hibrid, cu prezen\u021b\u0103 fizic\u0103 pentru participan\u021bii din Rom\u00e2nia \u0219i online pentru cei care au optat pentru acest tip de prezen\u0163\u0103. Discu\u021biile s-au concentrat pe evolu\u021bia paradigmatic\u0103 la nivelul corpului general al \u0219tiin\u021belor, cu accent pe economie \u0219i alte discipline socio-umane, \u00eentr-o epoc\u0103 \u00een care schimb\u0103rile tehnologice produc muta\u021bii asupra omului din postura acestuia deopotriv\u0103 de subiect \u0219i de obiect al cercet\u0103rii \u0219tiin\u021bifice. \u00cen acest context, participan\u021bii la eveniment au c\u0103utat s\u0103 explice, printre altele, diferen\u021bele dintre \u021b\u0103ri \u00een privin\u021ba ritmului de dob\u00e2ndire a competen\u021belor tehnico-\u0219tiin\u021bifice \u00een diversele categorii socio-demografice, stimulentele \u0219i constr\u00e2ngerile aferente proceselor de convergen\u021b\u0103 economic\u0103 european\u0103\/global\u0103, cu aplicare pe configura\u021biile ale acestor st\u0103ri \u0219i procese \u00een societatea rom\u00e2neasc\u0103. Absorb\u021bia tehnologiilor digitale din mediul global, integrarea economiilor \u00een lan\u021burile interna\u021bionale de produc\u021bie, identificarea \u0219i \u00eencurajarea avantajelor comparative\/competitive sectoriale\/na\u021bionale devin importante \u00een explicarea \u0219i anticiparea evolu\u021biilor \u0219i tendin\u021belor, precum \u0219i pentru pozi\u021bionarea inteligent\u0103 \u00een cadrul acestora la nivel de agent economic sau decident politic. Progresele \u0219tiin\u021bifice \u0219i prefacerile tehnologice sunt factori importan\u021bi ai performan\u021bei economice, determin\u00e2nd o nou\u0103 aranjare a rela\u021biilor interna\u021bionale la nivel geopolitic \u0219i geoeconomic, preocup\u0103ri legitime \u00eenainte de orice la nivelul comunit\u0103\u021bii \u0219tiin\u021bifice, academice, ale c\u0103rei rezultate critice \u0219i creative sunt menite a informa deciziile din mediul economic.<\/p>\n<p><a href=\"https:\/\/ari.ase.ro\/?attachment_id=1948\" rel=\"attachment wp-att-1948\"><img loading=\"lazy\" decoding=\"async\" class=\"alignnone size-medium wp-image-1948\" src=\"http:\/\/ari.ase.ro\/wp-content\/uploads\/2024\/06\/Picture1-300x193.jpg\" alt=\"\" width=\"300\" height=\"193\" srcset=\"http:\/\/ari.ase.ro\/wp-content\/uploads\/2024\/06\/Picture1-300x193.jpg 300w, http:\/\/ari.ase.ro\/wp-content\/uploads\/2024\/06\/Picture1.jpg 644w\" sizes=\"auto, (max-width: 300px) 100vw, 300px\" \/><\/a><a href=\"https:\/\/ari.ase.ro\/?attachment_id=1949\" rel=\"attachment wp-att-1949\"><img loading=\"lazy\" decoding=\"async\" class=\"alignnone wp-image-1949\" src=\"http:\/\/ari.ase.ro\/wp-content\/uploads\/2024\/06\/Picture2-1-300x178.jpg\" alt=\"\" width=\"328\" height=\"195\" srcset=\"http:\/\/ari.ase.ro\/wp-content\/uploads\/2024\/06\/Picture2-1-300x178.jpg 300w, http:\/\/ari.ase.ro\/wp-content\/uploads\/2024\/06\/Picture2-1.jpg 713w\" sizes=\"auto, (max-width: 328px) 100vw, 328px\" \/><\/a><\/p>\n<p style=\"text-align: justify;\">\u00cen contextul global actual al infla\u021biei au avut loc schimb\u0103ri \u00een plan economic comportamentul at\u00e2t al persoanelor fizice, c\u00e2t \u0219i al \u00eentreprinderilor. Cre\u0219terea pre\u021burilor \u00een prezent contextul infla\u021biei reprezint\u0103 \u00een prezent o problem\u0103 major\u0103 pentru consumatori \u0219i pentru produc\u0103tori. Concuren\u021ba contribuie de obicei la asigurarea pre\u021burilor echitabile pentru consumatori. Competi\u021bie politica, precum \u0219i aplicarea legii concuren\u021bei pot avea un rol important \u00een \u00eencercarea de a face acest lucru atenuarea consecin\u021belor negative ale infla\u021biei. Discutarea acestor aspecte a atras un numar important de participanti, de remarcat ca atractivitatea a extins interesul de participare si in afara UE, avand participanti din Asia \u015fi Africa.<\/p>\n<p style=\"text-align: justify;\">Participarea \u00een cadrul sec\u0163iunii de conferin\u0163\u0103 a presupus prezen\u0163a \u00een format hibrid cu participan\u0163i la care prezen\u0163a a fost realizat\u0103 cu prezn\u0163\u0103 fizic\u0103 \u015fi cu participan\u0163i cu prezen\u0163\u0103 real\u0103, \u00een format online; to\u0163i participan\u0163ii au primit diplome de participare din partea organizatorilor (<em>document exemplu ata\u015fat prezentului document<\/em>). Desf\u0103\u015furarea evenimentului \u015fi prezen\u0163a poate fi constatat\u0103 prin consultarea documentelor prezente online, hyperlink stabil: <a href=\"https:\/\/icess.ase.ro\/mini-track-on-economy-and-economics-under-the-influence-of-the-new-scientific-and-technological-revolution\/\">https:\/\/icess.ase.ro\/mini-track-on-economy-and-economics-under-the-influence-of-the-new-scientific-and-technological-revolution\/<\/a> ;<\/p>\n<p><a href=\"https:\/\/ari.ase.ro\/?attachment_id=1951\" rel=\"attachment wp-att-1951\"><img loading=\"lazy\" decoding=\"async\" class=\"alignnone size-medium wp-image-1951\" src=\"http:\/\/ari.ase.ro\/wp-content\/uploads\/2024\/06\/Picture3-1-300x187.jpg\" alt=\"\" width=\"300\" height=\"187\" srcset=\"http:\/\/ari.ase.ro\/wp-content\/uploads\/2024\/06\/Picture3-1-300x187.jpg 300w, http:\/\/ari.ase.ro\/wp-content\/uploads\/2024\/06\/Picture3-1.jpg 621w\" sizes=\"auto, (max-width: 300px) 100vw, 300px\" \/><\/a><a href=\"https:\/\/ari.ase.ro\/?attachment_id=1952\" rel=\"attachment wp-att-1952\"><img loading=\"lazy\" decoding=\"async\" class=\"alignnone wp-image-1952\" src=\"http:\/\/ari.ase.ro\/wp-content\/uploads\/2024\/06\/Picture4-1-300x154.jpg\" alt=\"\" width=\"366\" height=\"188\" srcset=\"http:\/\/ari.ase.ro\/wp-content\/uploads\/2024\/06\/Picture4-1-300x154.jpg 300w, http:\/\/ari.ase.ro\/wp-content\/uploads\/2024\/06\/Picture4-1.jpg 752w\" sizes=\"auto, (max-width: 366px) 100vw, 366px\" \/><\/a><\/p>\n<p style=\"text-align: justify;\">Acest eveniment este men\u0163ionat \u00eentr-un document oficial, Buletinul Informativ al ASE pe luna Iunie 2023 (ata\u015f\u0103m ca dovad\u0103 un extras din acest buletin \u00een care am subliniat informa\u0163iile relevante) emis de c\u0103tre Consiliul de Administra\u0163ie al ASE; Prezen\u0163a poate fi constatat\u0103 din programul conferin\u0163ei (ata\u015f\u0103m extras din acest program) \u015fi dat fiind modul de organizare al unei conferin\u0163e \u015ftiin\u0163ifice nu to\u0163i participan\u0163ii au putut fi consemna\u0163i, confirm\u00e2nd prezen\u0163a prin semn\u0103tur\u0103. Pentru participan\u0163ii ce se reg\u0103sesc \u00eenregistra\u0163i \u00een programul de conferin\u0163\u0103 \u015fi care au optat pentru prezen\u0163a online motivele neconsemn\u0103rii sunt evidente, caracterul deschis \u015fi interdisciplinar al unei re\u0163elei de cercetare presupune acceptarea prezen\u0163ei reale cu prezen\u0163\u0103 online din partea cercet\u0103torilor \u015fi, totodat\u0103, este \u00eencurajat\u0103 participarea deschis\u0103 penrtu studen\u0163ii care doresc s\u0103 se specializeze \u00een domeniul de referin\u0163\u0103 studiat \u00een viitor \u00een cadrul laboratorului, pentru doctoranzi ce inten\u0163ioneaz\u0103 extinderea \u015fi particularizarea studiilor doctorale \u00een medode dezvoltate \u015fi \u00eenv\u0103\u0163ate pe parcursul edific\u0103rii laboratorului, pentru cercet\u0103torii\/profesori ce se integreaz\u0103, f\u0103r\u0103 formalizare \u00een afara unui cadrul ce se urm\u0103re\u015fte ca rezultat final \u00een proiect-laborator, unei noi re\u0163ele de cercetare; \u00eenregistrarea prezen\u0163ei \u00een programul zoom nu este posibil s\u0103 se fac\u0103 deoarece ar presupune \u00eenregistrare din partea participan\u0163ilor ceea ce ar afecta caracterul deschis \u015fi nediscriminatoriu al particip\u0103rii cu prezervarea calit\u0103\u0163ii datelor cu caracter personal ale tuturor participan\u0163ilor. Ata\u015f\u0103m prezentului raport lista de prezen\u0163\u0103 sumarativ\u0103 men\u0163ion\u00e2nd c\u0103 num\u0103rul celor prezen\u0163i fizic a fost mai mare dar au preferat doar s\u0103 fie prezen\u0163i fiind interesa\u0163i de domeniul \u00een care este dezvoltat laboratorul prin finan\u0163area din proiect.<\/p>\n<p><a href=\"https:\/\/ari.ase.ro\/?attachment_id=1954\" rel=\"attachment wp-att-1954\"><img loading=\"lazy\" decoding=\"async\" class=\"alignnone wp-image-1954\" src=\"http:\/\/ari.ase.ro\/wp-content\/uploads\/2024\/06\/Picture5-276x300.jpg\" alt=\"\" width=\"208\" height=\"226\" srcset=\"http:\/\/ari.ase.ro\/wp-content\/uploads\/2024\/06\/Picture5-276x300.jpg 276w, http:\/\/ari.ase.ro\/wp-content\/uploads\/2024\/06\/Picture5.jpg 456w\" sizes=\"auto, (max-width: 208px) 100vw, 208px\" \/><\/a><a href=\"https:\/\/ari.ase.ro\/?attachment_id=1955\" rel=\"attachment wp-att-1955\"><img loading=\"lazy\" decoding=\"async\" class=\"alignnone wp-image-1955\" src=\"http:\/\/ari.ase.ro\/wp-content\/uploads\/2024\/06\/Picture6-300x165.jpg\" alt=\"\" width=\"418\" height=\"230\" srcset=\"http:\/\/ari.ase.ro\/wp-content\/uploads\/2024\/06\/Picture6-300x165.jpg 300w, http:\/\/ari.ase.ro\/wp-content\/uploads\/2024\/06\/Picture6-768x423.jpg 768w, http:\/\/ari.ase.ro\/wp-content\/uploads\/2024\/06\/Picture6.jpg 903w\" sizes=\"auto, (max-width: 418px) 100vw, 418px\" \/><\/a><\/p>\n<p style=\"text-align: justify;\">Discu\u0163iile, mediul coeziv dezvoltat \u00een eveniment a creat ipoteze de coroborare efectiv\u0103 a ipotezelor de dezvoltare a colabor\u0103rilor de cercetare \u015fi studiu ulterioare cu o participare efectiv\u0103 \u015fi interesat\u0103 necesar\u0103 cadrului de resurs\u0103 uman\u0103 pentru cercetare ce se afirm\u0103 ca fiind determinante pentru toate componentele proiectului mai mult dec\u00e2t cadrul determinat prin ideatica laboratoarelor finan\u0163ate a fi dezvoltate. Colaborarea pentru dezvoltarea de cercet\u0103ri, scriere de articole \u015ftiin\u0163ifice, finalizare de studii (lucr\u0103ri de licen\u0163\u0103 sau teze de doctorat), ini\u0163ierea de proiecte de cercetare aplicat\u0103 \u00een economie, a fost \u00eencurajat\u0103 \u015fi va produce efecte pe viitor prin cele men\u0163ionate, fiind imposibil de urm\u0103rit \u00eentr-un mod determinist efectiv, dar prin participarea extins\u0103, nelimtat\u0103 a celor \u00eenscri\u015fi ini\u0163ial se poate dovedi acest fapt f\u0103r\u0103 a necesita demonstrarea empiric\u0103. Discu\u0163iile \u00een sensul colabor\u0103rii \u015fi aplic\u0103rii cunoa\u015fterii \u015ftiin\u0163ifice dezvoltate \u015fi prin asisten\u0163a din partea exper\u0163ilor din str\u0103in\u0103tate atra\u015fi \u00een proiect au fost stimulate \u015fi de realizarea unei prezent\u0103ri \u00een baza unui suport de prezentare ata\u015fat prezentului raport.<\/p>\n<p style=\"text-align: justify;\">\u00a0Pentru prezent\u0103rile realizate \u00een cadrul sec\u0163iunii sunt \u00een derulare procese de evaluare\/examinare\/refinisare \u015ftiin\u0163ific\u0103 \u015fi acceptare spre publicare (a\u015fa cum se poate observa din site-ul conferin\u0163ei \u015fi di Buletinul Informativ al ASE), publicarea efectiv\u0103 a rezultatelor va fi realizat\u0103 (\u00een difeite jurnale sau c\u0103r\u0163i cu valoare \u015fttin\u0163ic\u0103 expertizat\u0103 \u00een condi\u0163ii de expertiz\u0103 \u015ftiinific\u0103 dovedibil\u0103) pe parcursul anului 2024 (termenul este normal pentru publicarea cu nivel de exigen\u0163\u0103 \u015ftiin\u0163ific\u0163 implicit\u0103); \u00cen acest moment evaloarea \u015fi revizia \u015ftiin\u0163ific\u0103 este aproape finalizat\u0103 de c\u0103tre corpul \u015ftiin\u0163ific (men\u0163ionat \u015fi \u00een extrasul de program al conferin\u0163ei) al conferin\u0163ei urm\u00e2nd calea tehnic\u0103 spre publicare lucr\u0103rile prezentate vor fi publicate \u00een volumul Conference Proceedings, editura interna\u021bional\u0103 \u00a0Sciendo \u00a0(propus\u0103 \u00een momentul de fa\u0163\u0103 editura De \u00a0Gruyter), \u00a0\u00eentr-o \u00a0carte \u00a0Springer \u00a0Proceedings \u00a0&#8211; \u00a0Business \u00a0and Economics, editura interna\u021bional\u0103 Springer \u0219i \u00een alte reviste indexate \u00een Clarivate, Scopus \u0219i alte baze de date interna\u021bionale.<\/p>\n<p style=\"text-align: justify;\">Acest context general a fost folosit pentru a discuta <strong><em>despre modalit\u0103\u0163i de scriere \u015fi publicare a rezultatelor cercet\u0103rii \u015ftiin\u0163ifice, a bunelor practici \u00een acest domeniu, precum \u015f\u00ee pentru constituirea de colective de redactare a lucr\u0103rilor \u015ftiin\u0163ifice de c\u0103tre cercet\u0103ori din domenii diferite \u015fi institu\u0163ii de cercetare diferite, cu participan\u0163i la lucr\u0103rile sesiunii<\/em><\/strong><em>.<\/em> Referitor la redactarea unor publica\u021bii \u0219tiin\u021bifice de calitate, subiectul a fost de actualitate \u0219i de mare interes pentru comunitatea academic\u0103 din ASE, prin:<\/p>\n<ul>\n<li style=\"text-align: justify;\">\u201eInformarea-documentarea\u201d etapa cea mai important\u0103 \u00een cercetarea \u015ftiin\u0163ific\u0103-<\/li>\n<li style=\"text-align: justify;\">Reviste indexate\/cotate<\/li>\n<li style=\"text-align: justify;\">ESCI-anticamera ISI<\/li>\n<li style=\"text-align: justify;\">Structura unei publica\u0163ii \u015ftiin\u0163ifice<\/li>\n<\/ul>\n<p style=\"text-align: justify;\">S-au adus clarific\u0103ri privind accesul bazelor de date \u0219i verificarea revistelor cotate ISI. Totodat\u0103, au fost aduse \u00een discu\u021bie informa\u021bii despre tipurile de lucr\u0103ri \u0219tiin\u021bifice ce pot fi acceptate spre publicare, dar \u0219i multiple resurse on-line \u0219i un manual de autorat \u0219tiin\u021bific. <a href=\"http:\/\/ecs-univ.ro\/UserFiles\/File\/Manual%20de%20autorat%20stiintific%2026.09.2011.pdf\">http:\/\/ecs-univ.ro\/UserFiles\/File\/Manual%20de%20autorat%20stiintific%2026.09.2011.pdf<\/a>, sau care sunt diferentele intre conceperea unui articol de specialitate vis a vis de un proiect.<\/p>\n<p><a href=\"https:\/\/ari.ase.ro\/?attachment_id=1958\" rel=\"attachment wp-att-1958\"><img loading=\"lazy\" decoding=\"async\" class=\"alignnone wp-image-1958\" src=\"http:\/\/ari.ase.ro\/wp-content\/uploads\/2024\/06\/Picture7-3-229x300.png\" alt=\"\" width=\"260\" height=\"341\" srcset=\"http:\/\/ari.ase.ro\/wp-content\/uploads\/2024\/06\/Picture7-3-229x300.png 229w, http:\/\/ari.ase.ro\/wp-content\/uploads\/2024\/06\/Picture7-3.png 574w\" sizes=\"auto, (max-width: 260px) 100vw, 260px\" \/><\/a><a href=\"https:\/\/ari.ase.ro\/?attachment_id=1959\" rel=\"attachment wp-att-1959\"><img loading=\"lazy\" decoding=\"async\" class=\"alignnone wp-image-1959\" src=\"http:\/\/ari.ase.ro\/wp-content\/uploads\/2024\/06\/Picture8-1-247x300.png\" alt=\"\" width=\"264\" height=\"321\" srcset=\"http:\/\/ari.ase.ro\/wp-content\/uploads\/2024\/06\/Picture8-1-247x300.png 247w, http:\/\/ari.ase.ro\/wp-content\/uploads\/2024\/06\/Picture8-1.png 581w\" sizes=\"auto, (max-width: 264px) 100vw, 264px\" \/><\/a><\/p>\n<p style=\"text-align: justify;\">O alt\u0103 oportunitate a sesiunii de instruire, care a fost discutata in cadrul acestui eveniment a fost posibilitatea de finan\u021bare prin Programele Europene 2021-2027\u00a0 si prin aceasta participare, toti cei <em>prezenti au invatat modalitatile de scriere de propuneri de proiect<\/em> in programul Orizont Europa \u0219i de management de proiect .Subiectele referitoare la oportunit\u01ce\u021bi de Finantare prin Programele Europene 2021-2027<strong>\u00a0 <\/strong>s-au bucurat de un real interes \u0219i succes \u00een r\u00e2ndul participan\u021bilor, av\u00e2nd \u00een vedere caracterul practic al prezent\u0103rii. Temele discutate cu participantii au fost legate de Politici, Programe, Management de Proiect, Scrierea de propuneri de proiecte, \u00a0cum le deosebim si in ce consta modalitatea de scriere a proiectelor?, ce sunt \u201cProgramele de Finantare Europene\u201d ?, care sunt Sursele de Finan\u021bare Europene ?, abordarea SMART a programelor de finan\u021bare, de ce \u0219i cum s\u0103 concepem \u00a0scrierea acestor proiecte SMART?!<\/p>\n<p><a href=\"https:\/\/ari.ase.ro\/?attachment_id=1961\" rel=\"attachment wp-att-1961\"><img loading=\"lazy\" decoding=\"async\" class=\"alignnone wp-image-1961\" src=\"http:\/\/ari.ase.ro\/wp-content\/uploads\/2024\/06\/Picture9-300x222.png\" alt=\"\" width=\"496\" height=\"367\" srcset=\"http:\/\/ari.ase.ro\/wp-content\/uploads\/2024\/06\/Picture9-300x222.png 300w, http:\/\/ari.ase.ro\/wp-content\/uploads\/2024\/06\/Picture9.png 740w\" sizes=\"auto, (max-width: 496px) 100vw, 496px\" \/><\/a><\/p>\n<p style=\"text-align: justify;\">Pentru a fi puse \u00een aplica\u021bie <strong>politicile<\/strong> au nevoie de un plan (ex. Brexit) care este reflectat de mai multe <strong>programe <\/strong>(ex. programul de rezilienta \u0219i redresare economic\u0103) \u0219i de si mai multe <strong>proiecte<\/strong> (\u00een domeniul agriculturii, energiei, educa\u021biei, etc) care vor asigura ob\u021binerea de rezultate precise, \u00eentr-un interval de timp \u0219i cu resurse bine stabilite.<\/p>\n<p><a href=\"https:\/\/ari.ase.ro\/?attachment_id=1963\" rel=\"attachment wp-att-1963\"><img loading=\"lazy\" decoding=\"async\" class=\"alignnone wp-image-1963\" src=\"http:\/\/ari.ase.ro\/wp-content\/uploads\/2024\/06\/Picture10-300x96.png\" alt=\"\" width=\"700\" height=\"224\" srcset=\"http:\/\/ari.ase.ro\/wp-content\/uploads\/2024\/06\/Picture10-300x96.png 300w, http:\/\/ari.ase.ro\/wp-content\/uploads\/2024\/06\/Picture10.png 457w\" sizes=\"auto, (max-width: 700px) 100vw, 700px\" \/><\/a><\/p>\n<p><a href=\"https:\/\/ari.ase.ro\/?attachment_id=1964\" rel=\"attachment wp-att-1964\"><img loading=\"lazy\" decoding=\"async\" class=\"alignnone wp-image-1964\" src=\"http:\/\/ari.ase.ro\/wp-content\/uploads\/2024\/06\/Picture11-1-300x135.png\" alt=\"\" width=\"431\" height=\"194\" srcset=\"http:\/\/ari.ase.ro\/wp-content\/uploads\/2024\/06\/Picture11-1-300x135.png 300w, http:\/\/ari.ase.ro\/wp-content\/uploads\/2024\/06\/Picture11-1.png 602w\" sizes=\"auto, (max-width: 431px) 100vw, 431px\" \/><\/a><a href=\"https:\/\/ari.ase.ro\/?attachment_id=1965\" rel=\"attachment wp-att-1965\"><img loading=\"lazy\" decoding=\"async\" class=\"alignnone size-medium wp-image-1965\" src=\"http:\/\/ari.ase.ro\/wp-content\/uploads\/2024\/06\/Picture12-1-300x133.png\" alt=\"\" width=\"300\" height=\"133\" srcset=\"http:\/\/ari.ase.ro\/wp-content\/uploads\/2024\/06\/Picture12-1-300x133.png 300w, http:\/\/ari.ase.ro\/wp-content\/uploads\/2024\/06\/Picture12-1.png 602w\" sizes=\"auto, (max-width: 300px) 100vw, 300px\" \/><\/a><\/p>\n<p style=\"text-align: justify;\">Abordarea SMART reprezint\u0103 esen\u021ba politicii de finan\u021bare pentru perioada 2021-2027 \u0219i urm\u0103re\u0219te \u00een esen\u021b\u0103: 1) rezolvarea necesit\u0103\u021bilor localizate ale pie\u021bei muncii, 2) corelarea activit\u0103\u021bilor educa\u021bionale, 3) evaluarea impactului educa\u021biei la nivel regional \u0219i 4) corelarea cu necesit\u0103\u021bile specifice, 5) dezvoltarea de solu\u021bii digitale de educa\u021bie adecvate cerin\u021belor utilizatorilor din toate categoriile de v\u00e2rst\u0103 \u0219i 6) personalizarea acestora corespunzator tuturor nivelelor de educa\u021bie.<\/p>\n<p><a href=\"https:\/\/ari.ase.ro\/?attachment_id=1966\" rel=\"attachment wp-att-1966\"><img loading=\"lazy\" decoding=\"async\" class=\"alignnone wp-image-1966\" src=\"http:\/\/ari.ase.ro\/wp-content\/uploads\/2024\/06\/Picture13-1-300x145.png\" alt=\"\" width=\"428\" height=\"207\" srcset=\"http:\/\/ari.ase.ro\/wp-content\/uploads\/2024\/06\/Picture13-1-300x145.png 300w, http:\/\/ari.ase.ro\/wp-content\/uploads\/2024\/06\/Picture13-1-768x370.png 768w, http:\/\/ari.ase.ro\/wp-content\/uploads\/2024\/06\/Picture13-1.png 940w\" sizes=\"auto, (max-width: 428px) 100vw, 428px\" \/><\/a><\/p>\n<p style=\"text-align: justify;\">O abordare SMART (place based) presupune corelarea perfect\u0103 a celor dou\u0103 perspective: cea a beneficiarului finan\u021b\u0103rii \u0219i aceea a finan\u021batorului local (na\u021bional, regional sau macroregional) at\u00e2t la abordarea unei teme cu impact localizat, c\u00e2t \u0219i a mijloacelor specifice (orientate c\u0103tre digitalizare).<\/p>\n<p><a href=\"https:\/\/ari.ase.ro\/?attachment_id=1972\" rel=\"attachment wp-att-1972\"><img loading=\"lazy\" decoding=\"async\" class=\"alignnone wp-image-1972\" src=\"http:\/\/ari.ase.ro\/wp-content\/uploads\/2024\/06\/Picture19-300x273.jpg\" alt=\"\" width=\"462\" height=\"420\" srcset=\"http:\/\/ari.ase.ro\/wp-content\/uploads\/2024\/06\/Picture19-300x273.jpg 300w, http:\/\/ari.ase.ro\/wp-content\/uploads\/2024\/06\/Picture19.jpg 327w\" sizes=\"auto, (max-width: 462px) 100vw, 462px\" \/><\/a><\/p>\n<p><strong>\u00a0<\/strong>Alocarea localizat\u0103 (placed based) se reflect\u0103 la nivelul tuturor programelor care vor fi finan\u021bate \u00een perioada 2021-2027 \u00een Rom\u00e2nia, iar accesul la finan\u021barea nerambursabil\u0103\u00a0 a \u00eenceput.<\/p>\n<p><a href=\"https:\/\/ari.ase.ro\/?attachment_id=1973\" rel=\"attachment wp-att-1973\"><img loading=\"lazy\" decoding=\"async\" class=\"alignnone wp-image-1973\" src=\"http:\/\/ari.ase.ro\/wp-content\/uploads\/2024\/06\/Picture20-1-300x158.png\" alt=\"\" width=\"454\" height=\"239\" srcset=\"http:\/\/ari.ase.ro\/wp-content\/uploads\/2024\/06\/Picture20-1-300x158.png 300w, http:\/\/ari.ase.ro\/wp-content\/uploads\/2024\/06\/Picture20-1.png 451w\" sizes=\"auto, (max-width: 454px) 100vw, 454px\" \/><\/a><\/p>\n<p style=\"text-align: justify;\"><strong>Ce finan\u021bare este disponibil\u0103 2021 \u2013 2027 ?<\/strong><\/p>\n<p><a href=\"https:\/\/ari.ase.ro\/?attachment_id=1975\" rel=\"attachment wp-att-1975\"><img loading=\"lazy\" decoding=\"async\" class=\"alignnone wp-image-1975\" src=\"http:\/\/ari.ase.ro\/wp-content\/uploads\/2024\/06\/Picture22-1-300x156.png\" alt=\"\" width=\"448\" height=\"233\" srcset=\"http:\/\/ari.ase.ro\/wp-content\/uploads\/2024\/06\/Picture22-1-300x156.png 300w, http:\/\/ari.ase.ro\/wp-content\/uploads\/2024\/06\/Picture22-1.png 468w\" sizes=\"auto, (max-width: 448px) 100vw, 448px\" \/><\/a><\/p>\n<p style=\"text-align: justify;\"><strong>Ce este Apelul la proiecte \/ Cererea de propuneri de proiecte? <\/strong><\/p>\n<p style=\"text-align: justify;\">Pentru implementarea obiectivelor si prioritarilor din cadrul diferitelor programe de finan\u021bare, Comisia Europeana \/\u00a0 Autorit\u0103\u021bile Na\u021bionale Responsabile(<strong>Autorit\u0103\u021bi de Management PO sau Organisme Intermediare PO<\/strong>) responsabile lanseaz\u0103 <strong>cereri de propuneri de proiecte <\/strong>.<\/p>\n<p style=\"text-align: justify;\"><strong>Apelul <\/strong><strong>la proiecte\/cererea de propuneri de proiecte <\/strong>este o linie de finan\u021bare, deschis\u0103 \u00een cadrul unui <strong>Program Opera\u021bional <\/strong>\u0219i \u00een cadrul c\u0103reia <strong>pot fi depuse proiecte<\/strong> \u00een vederea ob\u021binerii finan\u021b\u0103rii europene, cu <strong>tipuri de beneficiari\/beneficiari, alocare \u0219i durat\u0103<\/strong> clar identificate, \u0219i care corespunde unei <strong><em>priorit\u0103\u021bi de investi\u021bii<\/em><\/strong><strong><em>\/obiectiv specific\/ax\u0103 prioritar\u0103 <\/em><\/strong><strong><em>\u00a0<\/em><\/strong>stabilite la nivelul <strong>programului opera\u021bional<\/strong>.<\/p>\n<ul style=\"text-align: justify;\">\n<li><strong><em><u>Apeluri cu termen limit\u0103 de depunere <\/u><\/em><\/strong>= invita\u021bie public\u0103 adresat\u0103 de c\u0103tre AM unor categorii clar definite de solicitan\u021bi \u00een vederea transmiterii cererilor de finan\u021bare \u00een cadrul uneia sau mai multor priorit\u0103\u021bi de investi\u021bii din cadrul PO, p\u00e2n\u0103 la un termen limit\u0103 anun\u021bat.<\/li>\n<li><strong><em><u>Apeluri cu depunere continu\u0103 <\/u><\/em><\/strong>= invita\u021bie public\u0103 adresat\u0103 de c\u0103tre AM unor categorii clar definite de solicitan\u021bi \u00een vederea transmiterii cererilor de finan\u021bare \u00een cadrul uneia sau mai multor priorit\u0103\u021bi de investi\u021bii din cadrul PO, prin depunere continu\u0103, p\u00e2n\u0103 la epuizarea bugetului alocat.<\/li>\n<li><strong>Apeluri necompetitive<\/strong><\/li>\n<li><strong>Apeluri competitive<\/strong><\/li>\n<\/ul>\n<p style=\"text-align: justify;\">Proiectul \u2013 etapele unui proiect<\/p>\n<p>\u00a0<a href=\"https:\/\/ari.ase.ro\/?attachment_id=1970\" rel=\"attachment wp-att-1970\"><img loading=\"lazy\" decoding=\"async\" class=\"alignnone wp-image-1970\" src=\"http:\/\/ari.ase.ro\/wp-content\/uploads\/2024\/06\/Picture18-1-300x169.png\" alt=\"\" width=\"490\" height=\"276\" srcset=\"http:\/\/ari.ase.ro\/wp-content\/uploads\/2024\/06\/Picture18-1-300x169.png 300w, http:\/\/ari.ase.ro\/wp-content\/uploads\/2024\/06\/Picture18-1.png 624w\" sizes=\"auto, (max-width: 490px) 100vw, 490px\" \/><\/a><\/p>\n<p>&nbsp;<\/p>\n<p><strong>\u00a0<\/strong><\/p>\n","protected":false},"excerpt":{"rendered":"<p>Sesiune de instruire cu titlul \u201eEconomy and Economics under&#8230;<\/p>\n","protected":false},"author":5,"featured_media":0,"parent":0,"menu_order":0,"comment_status":"closed","ping_status":"closed","template":"","meta":{"footnotes":""},"class_list":["post-1942","page","type-page","status-publish","hentry"],"_links":{"self":[{"href":"http:\/\/ari.ase.ro\/index.php?rest_route=\/wp\/v2\/pages\/1942","targetHints":{"allow":["GET"]}}],"collection":[{"href":"http:\/\/ari.ase.ro\/index.php?rest_route=\/wp\/v2\/pages"}],"about":[{"href":"http:\/\/ari.ase.ro\/index.php?rest_route=\/wp\/v2\/types\/page"}],"author":[{"embeddable":true,"href":"http:\/\/ari.ase.ro\/index.php?rest_route=\/wp\/v2\/users\/5"}],"replies":[{"embeddable":true,"href":"http:\/\/ari.ase.ro\/index.php?rest_route=%2Fwp%2Fv2%2Fcomments&post=1942"}],"version-history":[{"count":0,"href":"http:\/\/ari.ase.ro\/index.php?rest_route=\/wp\/v2\/pages\/1942\/revisions"}],"wp:attachment":[{"href":"http:\/\/ari.ase.ro\/index.php?rest_route=%2Fwp%2Fv2%2Fmedia&parent=1942"}],"curies":[{"name":"wp","href":"https:\/\/api.w.org\/{rel}","templated":true}]}}